{"id":17326,"date":"2021-01-12T18:35:37","date_gmt":"2021-01-12T18:35:37","guid":{"rendered":"https:\/\/blocatclimbing.com\/?page_id=17326"},"modified":"2025-11-06T14:39:31","modified_gmt":"2025-11-06T14:39:31","slug":"joves-i-persones-adultes","status":"publish","type":"page","link":"https:\/\/blocatclimbing.com\/index.php\/joves-i-persones-adultes\/","title":{"rendered":"Joves i Persones adultes"},"content":{"rendered":"<p>[vc_row css_animation=&#8221;&#8221; row_type=&#8221;row&#8221; use_row_as_full_screen_section=&#8221;no&#8221; type=&#8221;full_width&#8221; angled_section=&#8221;no&#8221; text_align=&#8221;left&#8221; background_image_as_pattern=&#8221;without_pattern&#8221;][vc_column][vc_empty_space][\/vc_column][\/vc_row][vc_row css_animation=&#8221;&#8221; row_type=&#8221;row&#8221; use_row_as_full_screen_section=&#8221;no&#8221; type=&#8221;full_width&#8221; angled_section=&#8221;no&#8221; text_align=&#8221;left&#8221; background_image_as_pattern=&#8221;without_pattern&#8221;][vc_column][vc_single_image image=&#8221;17342&#8243; img_size=&#8221;full&#8221; alignment=&#8221;center&#8221; qode_css_animation=&#8221;&#8221; css=&#8221;.vc_custom_1610537094560{margin-right: -180px !important;margin-left: -180px !important;}&#8221;][vc_empty_space][\/vc_column][\/vc_row][vc_row css_animation=&#8221;&#8221; row_type=&#8221;row&#8221; use_row_as_full_screen_section=&#8221;no&#8221; type=&#8221;full_width&#8221; angled_section=&#8221;no&#8221; text_align=&#8221;left&#8221; background_image_as_pattern=&#8221;without_pattern&#8221;][vc_column][vc_column_text]<\/p>\n<div class=\"wpb_text_column wpb_content_element \">\n<div class=\"wpb_wrapper\">\n<h2>SESSI\u00d3 D&#8217;INICIACI\u00d3<\/h2>\n<\/div>\n<\/div>\n<div class=\"separator small left \"><\/div>\n<div class=\"wpb_text_column wpb_content_element \">\n<div class=\"wpb_wrapper\">\n<p><strong>\u00c9s la primera vegada que escales? <\/strong><\/p>\n<\/div>\n<\/div>\n<p><strong>Has escalat alguna vegada per\u00f2 vols saber-ne una mica m\u00e9s? <\/strong><\/p>\n<p><strong>Vols escalar al roc\u00f2drom de forma regular? <\/strong><\/p>\n<p>L\u2019objectiu del curs d\u2019iniciaci\u00f3 \u00e9s que aprenguis els conceptes b\u00e0sics de la t\u00e8cnica, la seguretat i les pautes de progressi\u00f3 a seguir per poder tenir una bona experi\u00e8ncia al roc\u00f2drom. T\u2019ensenyarem les caracter\u00edstiques dels diferents tipus de vies i preses i et guiarem en qualsevol dubte que tinguis. Aquest curs pot tenir continu\u00eftat amb els grups d\u2019entrenament.[\/vc_column_text][vc_empty_space][vc_accordion active_tab=&#8221;false&#8221; collapsible=&#8221;yes&#8221; style=&#8221;accordion&#8221;][vc_accordion_tab title=&#8221;M\u00e9s info&#8221;]<div class=\"q_icon_list\"><i class=\"qode_icon_font_awesome fa fa-clock-o qode-ili-icon-holder circle\" style=\"background-color: #3e4416;border-color:#3e4416;border-style:solid;border-width:1px;\" ><\/i><p style=\"\">1 hora<\/p><\/div><div class=\"q_icon_list\"><i class=\"qode_icon_font_awesome fa fa-arrow-up qode-ili-icon-holder circle\" style=\"background-color: #3e4416;border-color:#3e4416;border-style:solid;border-width:1px;\" ><\/i><p style=\"\">Iniciaci\u00f3<\/p><\/div><div class=\"q_icon_list\"><i class=\"qode_icon_font_awesome fa fa-calendar qode-ili-icon-holder circle\" style=\"background-color: #3e4416;border-color:#3e4416;border-style:solid;border-width:1px;\" ><\/i><p style=\"\">Divendres per la tarda. Cal reservar.<\/p><\/div><div class=\"q_icon_list\"><i class=\"qode_icon_font_awesome fa fa-user qode-ili-icon-holder circle\" style=\"background-color: #3e4416;border-color:#3e4416;border-style:solid;border-width:1px;\" ><\/i><p style=\"\">individual o en grup<\/p><\/div><div class=\"q_icon_list\"><i class=\"qode_icon_font_awesome fa fa-child qode-ili-icon-holder circle\" style=\"background-color: #3e4416;border-color:#3e4416;border-style:solid;border-width:1px;\" ><\/i><p style=\"\">A partir de 16 anys<\/p><\/div><div class=\"q_icon_list\"><i class=\"qode_icon_font_awesome fa fa-money qode-ili-icon-holder circle\" style=\"background-color: #3e4416;border-color:#3e4416;border-style:solid;border-width:1px;\" ><\/i><p style=\"\">individual 40\u20ac; 2-4 persones 25\u20ac\/persona<\/p><\/div><div class=\"q_icon_list\"><i class=\"qode_icon_font_awesome fa fa-info-circle qode-ili-icon-holder circle\" style=\"background-color: #3e4416;border-color:#3e4416;border-style:solid;border-width:1px;\" ><\/i><p style=\"\">Inclou material i entrada lliure al roc\u00f2drom. Cancel\u00b7laci\u00f3 amb m\u00ednim 24h d'antelaci\u00f3, sino es perd mitja sessi\u00f3.<\/p><\/div><div class=\"q_icon_list\"><i class=\"qode_icon_font_awesome fa fa-envelope-o qode-ili-icon-holder circle\" style=\"background-color: #3e4416;border-color:#3e4416;border-style:solid;border-width:1px;\" ><\/i><p style=\"\">Envia'ns un correu a activitats@blocatclimbing.com<\/p><\/div>[\/vc_accordion_tab][\/vc_accordion][vc_empty_space][\/vc_column][\/vc_row][vc_row css_animation=&#8221;&#8221; row_type=&#8221;row&#8221; use_row_as_full_screen_section=&#8221;no&#8221; type=&#8221;full_width&#8221; angled_section=&#8221;no&#8221; text_align=&#8221;left&#8221; background_image_as_pattern=&#8221;without_pattern&#8221;][vc_column][vc_single_image image=&#8221;18233&#8243; img_size=&#8221;full&#8221; alignment=&#8221;center&#8221; qode_css_animation=&#8221;&#8221; css=&#8221;.vc_custom_1762439771110{margin-right: -180px !important;margin-left: -180px !important;}&#8221;][vc_empty_space][\/vc_column][\/vc_row][vc_row css_animation=&#8221;&#8221; row_type=&#8221;row&#8221; use_row_as_full_screen_section=&#8221;no&#8221; type=&#8221;full_width&#8221; angled_section=&#8221;no&#8221; text_align=&#8221;left&#8221; background_image_as_pattern=&#8221;without_pattern&#8221;][vc_column][vc_column_text]<\/p>\n<div class=\"wpb_text_column wpb_content_element \">\n<div class=\"wpb_wrapper\">\n<h2>BLOCAT TEAM &#8211; Tecnificaci\u00f3 per a joves (13-18 anys)<\/h2>\n<\/div>\n<\/div>\n<p data-start=\"131\" data-end=\"183\"><strong data-start=\"131\" data-end=\"181\">T\u2019agrada escalar i vols anar un pas m\u00e9s enll\u00e0?<\/strong><\/p>\n<p data-start=\"185\" data-end=\"251\"><strong data-start=\"185\" data-end=\"249\">Vols aprendre a entrenar de deb\u00f2 i millorar la teva t\u00e8cnica?<\/strong><\/p>\n<p data-start=\"253\" data-end=\"346\"><strong data-start=\"253\" data-end=\"344\">T\u2019agradaria formar part d\u2019un equip amb joves com tu que comparteixen la mateixa passi\u00f3?<\/strong><\/p>\n<p data-start=\"348\" data-end=\"774\">El <strong data-start=\"114\" data-end=\"129\">BLOCAT TEAM<\/strong> \u00e9s el grup de <strong data-start=\"144\" data-end=\"188\">tecnificaci\u00f3 per a joves de 13 a 18 anys<\/strong> que volen millorar la seva escalada i compartir entrenaments amb altres nois i noies amb la mateixa passi\u00f3.<br data-start=\"296\" data-end=\"299\" \/>Sessions dirigides per un <strong data-start=\"325\" data-end=\"353\" data-is-only-node=\"\">entrenador especialitzat<\/strong>, per cr\u00e9ixer, aprendre i gaudir mentre t\u2019entrenes.<\/p>\n<p>[\/vc_column_text][vc_empty_space][vc_accordion active_tab=&#8221;false&#8221; collapsible=&#8221;yes&#8221; style=&#8221;accordion&#8221;][vc_accordion_tab title=&#8221;M\u00e9s info&#8221;]<div class=\"q_icon_list\"><i class=\"qode_icon_font_awesome fa fa-clock-o qode-ili-icon-holder circle\" style=\"background-color: #3e4416;border-color:#3e4416;border-style:solid;border-width:1px;\" ><\/i><p style=\"\">De setembre a juny<\/p><\/div><div class=\"q_icon_list\"><i class=\"qode_icon_font_awesome fa fa-arrow-up qode-ili-icon-holder circle\" style=\"background-color: #3e4416;border-color:#3e4416;border-style:solid;border-width:1px;\" ><\/i><p style=\"\">Iniciaci\u00f3, intermig i avan\u00e7at<\/p><\/div><div class=\"q_icon_list\"><i class=\"qode_icon_font_awesome fa fa-calendar qode-ili-icon-holder circle\" style=\"background-color: #3e4416;border-color:#3e4416;border-style:solid;border-width:1px;\" ><\/i><p style=\"\">Dimarts i dijous: de 18:00 a 19.30<\/p><\/div><div class=\"q_icon_list\"><i class=\"qode_icon_font_awesome fa fa-user qode-ili-icon-holder circle\" style=\"background-color: #3e4416;border-color:#3e4416;border-style:solid;border-width:1px;\" ><\/i><p style=\"\">Grups de 6 - 10 persones<\/p><\/div><div class=\"q_icon_list\"><i class=\"qode_icon_font_awesome fa fa-child qode-ili-icon-holder circle\" style=\"background-color: #3e4416;border-color:#3e4416;border-style:solid;border-width:1px;\" ><\/i><p style=\"\">13-18 anys<\/p><\/div><div class=\"q_icon_list\"><i class=\"qode_icon_font_awesome fa fa-money qode-ili-icon-holder circle\" style=\"background-color: #3e4416;border-color:#3e4416;border-style:solid;border-width:1px;\" ><\/i><p style=\"\">Preu soci: 1 dia 25\u20ac\/mes. 2 dies: 35\u20ac\/mes. Preu No socis: 1 dia 50\u20ac\/mes. 2 dies: 65\u20ac\/mes; Matr\u00edcula: 30\u20ac *Dia de prova: 15\u20ac<\/p><\/div><div class=\"q_icon_list\"><i class=\"qode_icon_font_awesome fa fa-info-circle qode-ili-icon-holder circle\" style=\"background-color: #3e4416;border-color:#3e4416;border-style:solid;border-width:1px;\" ><\/i><p style=\"\">No inclou entrada lliure al roc\u00f2drom<\/p><\/div><div class=\"q_icon_list\"><i class=\"qode_icon_font_awesome fa fa-envelope-o qode-ili-icon-holder circle\" style=\"background-color: #3e4416;border-color:#3e4416;border-style:solid;border-width:1px;\" ><\/i><p style=\"\">Envia'ns un correu a activitats@blocatclimbing.com<\/p><\/div>[\/vc_accordion_tab][\/vc_accordion]<div class='q_icon_with_title very_large normal_icon left_from_title '><div class=\"icon_text_holder\" style=\"\"><div class=\"icon_text_inner\" style=\"\"><div class=\"icon_title_holder\"><div class=\"icon_holder \" style=\" \"><span data-icon-type=\"normal\"   style=\"\" class=\"qode_iwt_icon_holder q_font_awsome_icon fa-5x  \"><i class=\"qode_icon_font_awesome fa  qode_iwt_icon_element\" style=\"\" ><\/i><\/span><\/div><h5 class=\"icon_title\" style=\"color: #3b431d;font-weight: 900;\"><\/h5><\/div><p style=''><\/p><a itemprop='url' class='icon_with_title_link' href='https:\/\/blocatclimbing.com\/index.php\/blocateam\/' target='_self' style='color: #b34817;'>INSCRIPCI\u00d3 BLOCAT TEAM AQU\u00cd<\/a><\/div><\/div><\/div>[vc_empty_space][vc_empty_space][\/vc_column][\/vc_row][vc_row css_animation=&#8221;&#8221; row_type=&#8221;row&#8221; use_row_as_full_screen_section=&#8221;no&#8221; type=&#8221;full_width&#8221; angled_section=&#8221;no&#8221; text_align=&#8221;left&#8221; background_image_as_pattern=&#8221;without_pattern&#8221;][vc_column][vc_single_image image=&#8221;18102&#8243; img_size=&#8221;full&#8221; alignment=&#8221;center&#8221; qode_css_animation=&#8221;&#8221; css=&#8221;.vc_custom_1719761262090{margin-right: -180px !important;margin-left: -180px !important;}&#8221;][vc_empty_space][\/vc_column][\/vc_row][vc_row css_animation=&#8221;&#8221; row_type=&#8221;row&#8221; use_row_as_full_screen_section=&#8221;no&#8221; type=&#8221;full_width&#8221; angled_section=&#8221;no&#8221; text_align=&#8221;left&#8221; background_image_as_pattern=&#8221;without_pattern&#8221;][vc_column][vc_column_text]<\/p>\n<div class=\"wpb_text_column wpb_content_element \">\n<div class=\"wpb_wrapper\">\n<h2>GRUPS D&#8217;ENTRENAMENT<\/h2>\n<\/div>\n<\/div>\n<div class=\"separator small left \"><\/div>\n<p><strong>Vols seguir aprenent despr\u00e9s de fer el curs d\u2019iniciaci\u00f3?<\/strong><\/p>\n<p><strong>T&#8217;agradaria millorar el teu rendiment?<\/strong><\/p>\n<p><strong>Voldries formar part d\u2019un grup d\u2019escalada?<\/strong><\/p>\n<p>Els grups d\u2019entrenament s\u00f3n sessions dirigides per professionals especialitzats que vetllen per a que perfeccionis l\u2019escalada i coneguis noves t\u00e8cniques. Tenim grups de diferents nivells que s\u2019adapten a les caracter\u00edstiques de les persones que en formen part.[\/vc_column_text][vc_empty_space][vc_accordion active_tab=&#8221;false&#8221; collapsible=&#8221;yes&#8221; style=&#8221;accordion&#8221;][vc_accordion_tab title=&#8221;M\u00e9s info&#8221;]<div class=\"q_icon_list\"><i class=\"qode_icon_font_awesome fa fa-clock-o qode-ili-icon-holder circle\" style=\"background-color: #3e4416;border-color:#3e4416;border-style:solid;border-width:1px;\" ><\/i><p style=\"\">De setembre a juliol<\/p><\/div><div class=\"q_icon_list\"><i class=\"qode_icon_font_awesome fa fa-arrow-up qode-ili-icon-holder circle\" style=\"background-color: #3e4416;border-color:#3e4416;border-style:solid;border-width:1px;\" ><\/i><p style=\"\">Iniciaci\u00f3, intermig i avan\u00e7at<\/p><\/div><div class=\"q_icon_list\"><i class=\"qode_icon_font_awesome fa fa-calendar qode-ili-icon-holder circle\" style=\"background-color: #3e4416;border-color:#3e4416;border-style:solid;border-width:1px;\" ><\/i><p style=\"\">De dilluns a dijous: de 18:00 a 19.30 i de 19.30 a 21:00h<\/p><\/div><div class=\"q_icon_list\"><i class=\"qode_icon_font_awesome fa fa-user qode-ili-icon-holder circle\" style=\"background-color: #3e4416;border-color:#3e4416;border-style:solid;border-width:1px;\" ><\/i><p style=\"\">Grups de 6 - 10 persones<\/p><\/div><div class=\"q_icon_list\"><i class=\"qode_icon_font_awesome fa fa-child qode-ili-icon-holder circle\" style=\"background-color: #3e4416;border-color:#3e4416;border-style:solid;border-width:1px;\" ><\/i><p style=\"\">A partir de 16 anys<\/p><\/div><div class=\"q_icon_list\"><i class=\"qode_icon_font_awesome fa fa-money qode-ili-icon-holder circle\" style=\"background-color: #3e4416;border-color:#3e4416;border-style:solid;border-width:1px;\" ><\/i><p style=\"\">Preu soci: 1 dia 25\u20ac\/mes. 2 dies: 35\u20ac\/mes. Preu No socis: 1 dia 50\u20ac\/mes. 2 dies: 65\u20ac\/mes; Matr\u00edcula: 30\u20ac *Dia de prova: 15\u20ac<\/p><\/div><div class=\"q_icon_list\"><i class=\"qode_icon_font_awesome fa fa-info-circle qode-ili-icon-holder circle\" style=\"background-color: #3e4416;border-color:#3e4416;border-style:solid;border-width:1px;\" ><\/i><p style=\"\">No inclou entrada lliure al roc\u00f2drom<\/p><\/div><div class=\"q_icon_list\"><i class=\"qode_icon_font_awesome fa fa-envelope-o qode-ili-icon-holder circle\" style=\"background-color: #3e4416;border-color:#3e4416;border-style:solid;border-width:1px;\" ><\/i><p style=\"\">Envia'ns un correu a activitats@blocatclimbing.com<\/p><\/div>[\/vc_accordion_tab][\/vc_accordion]<div class='q_icon_with_title very_large normal_icon left_from_title '><div class=\"icon_text_holder\" style=\"\"><div class=\"icon_text_inner\" style=\"\"><div class=\"icon_title_holder\"><div class=\"icon_holder \" style=\" \"><span data-icon-type=\"normal\"   style=\"\" class=\"qode_iwt_icon_holder q_font_awsome_icon fa-5x  \"><i class=\"qode_icon_font_awesome fa  qode_iwt_icon_element\" style=\"\" ><\/i><\/span><\/div><h5 class=\"icon_title\" style=\"color: #3b431d;font-weight: 900;\"><\/h5><\/div><p style=''><\/p><a itemprop='url' class='icon_with_title_link' href='https:\/\/blocatclimbing.com\/?page_id=17727&amp;preview=true' target='_self' style='color: #b34817;'>INSCRIPCI\u00d3 GRUPS ENTRENAMENT AQU\u00cd<\/a><\/div><\/div><\/div>[vc_empty_space][vc_empty_space][\/vc_column][\/vc_row][vc_row css_animation=&#8221;&#8221; row_type=&#8221;row&#8221; use_row_as_full_screen_section=&#8221;no&#8221; type=&#8221;full_width&#8221; angled_section=&#8221;no&#8221; text_align=&#8221;left&#8221; background_image_as_pattern=&#8221;without_pattern&#8221;][vc_column][vc_single_image image=&#8221;17329&#8243; img_size=&#8221;full&#8221; alignment=&#8221;center&#8221; qode_css_animation=&#8221;&#8221; css=&#8221;.vc_custom_1612353651222{margin-right: -180px !important;margin-left: -180px !important;}&#8221;][vc_empty_space][\/vc_column][\/vc_row][vc_row css_animation=&#8221;&#8221; row_type=&#8221;row&#8221; use_row_as_full_screen_section=&#8221;no&#8221; type=&#8221;full_width&#8221; angled_section=&#8221;no&#8221; text_align=&#8221;left&#8221; background_image_as_pattern=&#8221;without_pattern&#8221;][vc_column][vc_column_text]<\/p>\n<div class=\"wpb_text_column wpb_content_element \">\n<div class=\"wpb_wrapper\">\n<h2>ENTRENAMENT PERSONAL D&#8217;ESCALADA<\/h2>\n<\/div>\n<\/div>\n<div class=\"separator small left \"><\/div>\n<p><strong>Vols una atenci\u00f3 personalitzada per aconseguir un objectiu concret?<\/strong><\/p>\n<p><strong>Vols fer una sessi\u00f3 d&#8217;iniciaci\u00f3 individual?\u00a0<\/strong><\/p>\n<p><strong>Tens un projecte o un repte pendent i has de millorar el teu rendiment? <\/strong><\/p>\n<p>L\u2019entrenament personal d\u2019escalada \u00e9s una sessi\u00f3 individual adaptada als teus objectius i necessitats. T\u2019oferim un servei per millorar qualsevol aspecte relacionat amb l\u2019escalada, tant si est\u00e0s iniciant-te com si ets escalador o escaladora habitual i vols millorar el teu rendiment, condici\u00f3 f\u00edsica o treballar sobre aspectes psicol\u00f2gics o de prevenci\u00f3 per a evitar futures lesions.[\/vc_column_text][vc_empty_space][vc_accordion active_tab=&#8221;false&#8221; collapsible=&#8221;yes&#8221; style=&#8221;accordion&#8221;][vc_accordion_tab title=&#8221;M\u00e9s info&#8221;]<div class=\"q_icon_list\"><i class=\"qode_icon_font_awesome fa fa-clock-o qode-ili-icon-holder circle\" style=\"background-color: #3e4416;border-color:#3e4416;border-style:solid;border-width:1px;\" ><\/i><p style=\"\">1 hora<\/p><\/div><div class=\"q_icon_list\"><i class=\"qode_icon_font_awesome fa fa-calendar qode-ili-icon-holder circle\" style=\"background-color: #3e4416;border-color:#3e4416;border-style:solid;border-width:1px;\" ><\/i><p style=\"\">Horaris i dies a convenir. Cal reservar.<\/p><\/div><div class=\"q_icon_list\"><i class=\"qode_icon_font_awesome fa fa-child qode-ili-icon-holder circle\" style=\"background-color: #3e4416;border-color:#3e4416;border-style:solid;border-width:1px;\" ><\/i><p style=\"\">Totes les edats<\/p><\/div><div class=\"q_icon_list\"><i class=\"qode_icon_font_awesome fa fa-money qode-ili-icon-holder circle\" style=\"background-color: #3e4416;border-color:#3e4416;border-style:solid;border-width:1px;\" ><\/i><p style=\"\">Preu: 40\u20ac\/hora. Abonament 5 sessions: 185\u20ac.<\/p><\/div><div class=\"q_icon_list\"><i class=\"qode_icon_font_awesome fa fa-info-circle qode-ili-icon-holder circle\" style=\"background-color: #3e4416;border-color:#3e4416;border-style:solid;border-width:1px;\" ><\/i><p style=\"\">No inclou entrada lliure al roc\u00f2drom<\/p><\/div><div class=\"q_icon_list\"><i class=\"qode_icon_font_awesome fa fa-envelope-o qode-ili-icon-holder circle\" style=\"background-color: #3e4416;border-color:#3e4416;border-style:solid;border-width:1px;\" ><\/i><p style=\"\">Envia'ns un correu a activitats@blocatclimbing.com<\/p><\/div>[\/vc_accordion_tab][\/vc_accordion][vc_empty_space][\/vc_column][\/vc_row][vc_row css_animation=&#8221;&#8221; row_type=&#8221;row&#8221; use_row_as_full_screen_section=&#8221;no&#8221; type=&#8221;full_width&#8221; angled_section=&#8221;no&#8221; text_align=&#8221;left&#8221; background_image_as_pattern=&#8221;without_pattern&#8221;][vc_column][\/vc_column][\/vc_row]<\/p>\n","protected":false},"excerpt":{"rendered":"<p>[vc_row css_animation=&#8221;&#8221; row_type=&#8221;row&#8221; use_row_as_full_screen_section=&#8221;no&#8221; type=&#8221;full_width&#8221; angled_section=&#8221;no&#8221; text_align=&#8221;left&#8221; background_image_as_pattern=&#8221;without_pattern&#8221;][vc_column][vc_empty_space][\/vc_column][\/vc_row][vc_row css_animation=&#8221;&#8221; row_type=&#8221;row&#8221; use_row_as_full_screen_section=&#8221;no&#8221; type=&#8221;full_width&#8221; angled_section=&#8221;no&#8221; text_align=&#8221;left&#8221; background_image_as_pattern=&#8221;without_pattern&#8221;][vc_column][vc_single_image image=&#8221;17342&#8243; img_size=&#8221;full&#8221; alignment=&#8221;center&#8221; qode_css_animation=&#8221;&#8221; css=&#8221;.vc_custom_1610537094560{margin-right: -180px !important;margin-left: -180px !important;}&#8221;][vc_empty_space][\/vc_column][\/vc_row][vc_row css_animation=&#8221;&#8221; row_type=&#8221;row&#8221; use_row_as_full_screen_section=&#8221;no&#8221; type=&#8221;full_width&#8221; angled_section=&#8221;no&#8221; text_align=&#8221;left&#8221; background_image_as_pattern=&#8221;without_pattern&#8221;][vc_column][vc_column_text] SESSI\u00d3 D&#8217;INICIACI\u00d3 \u00c9s la primera vegada que escales? Has escalat alguna vegada per\u00f2 vols&#8230;<\/p>\n","protected":false},"author":1,"featured_media":0,"parent":0,"menu_order":0,"comment_status":"closed","ping_status":"closed","template":"","meta":[],"yoast_head":"<!-- This site is optimized with the Yoast SEO plugin v15.2 - https:\/\/yoast.com\/wordpress\/plugins\/seo\/ -->\n<title>Joves i Persones adultes - Blocat<\/title>\n<meta name=\"robots\" content=\"index, follow, max-snippet:-1, max-image-preview:large, max-video-preview:-1\" \/>\n<link rel=\"canonical\" href=\"https:\/\/blocatclimbing.com\/index.php\/joves-i-persones-adultes\/\" \/>\n<meta property=\"og:locale\" content=\"es_ES\" \/>\n<meta property=\"og:type\" content=\"article\" \/>\n<meta property=\"og:title\" content=\"Joves i Persones adultes - Blocat\" \/>\n<meta property=\"og:description\" content=\"[vc_row css_animation=&#8221;&#8221; row_type=&#8221;row&#8221; use_row_as_full_screen_section=&#8221;no&#8221; type=&#8221;full_width&#8221; angled_section=&#8221;no&#8221; text_align=&#8221;left&#8221; background_image_as_pattern=&#8221;without_pattern&#8221;][vc_column][vc_empty_space][\/vc_column][\/vc_row][vc_row css_animation=&#8221;&#8221; row_type=&#8221;row&#8221; use_row_as_full_screen_section=&#8221;no&#8221; type=&#8221;full_width&#8221; angled_section=&#8221;no&#8221; text_align=&#8221;left&#8221; background_image_as_pattern=&#8221;without_pattern&#8221;][vc_column][vc_single_image image=&#8221;17342&#8243; img_size=&#8221;full&#8221; alignment=&#8221;center&#8221; qode_css_animation=&#8221;&#8221; css=&#8221;.vc_custom_1610537094560{margin-right: -180px !important;margin-left: -180px !important;}&#8221;][vc_empty_space][\/vc_column][\/vc_row][vc_row css_animation=&#8221;&#8221; row_type=&#8221;row&#8221; use_row_as_full_screen_section=&#8221;no&#8221; type=&#8221;full_width&#8221; angled_section=&#8221;no&#8221; text_align=&#8221;left&#8221; background_image_as_pattern=&#8221;without_pattern&#8221;][vc_column][vc_column_text] SESSI\u00d3 D&#8217;INICIACI\u00d3 \u00c9s la primera vegada que escales? Has escalat alguna vegada per\u00f2 vols...\" \/>\n<meta property=\"og:url\" content=\"https:\/\/blocatclimbing.com\/index.php\/joves-i-persones-adultes\/\" \/>\n<meta property=\"og:site_name\" content=\"Blocat\" \/>\n<meta property=\"article:modified_time\" content=\"2025-11-06T14:39:31+00:00\" \/>\n<meta name=\"twitter:card\" content=\"summary_large_image\" \/>\n<meta name=\"twitter:label1\" value=\"Escrito por\">\n\t<meta name=\"twitter:data1\" value=\"admin\">\n\t<meta name=\"twitter:label2\" value=\"Tiempo de lectura\">\n\t<meta name=\"twitter:data2\" value=\"7 minutos\">\n<script type=\"application\/ld+json\" class=\"yoast-schema-graph\">{\"@context\":\"https:\/\/schema.org\",\"@graph\":[{\"@type\":\"WebSite\",\"@id\":\"https:\/\/blocatclimbing.com\/#website\",\"url\":\"https:\/\/blocatclimbing.com\/\",\"name\":\"Blocat\",\"description\":\"La pedra i la m&agrave;\",\"potentialAction\":[{\"@type\":\"SearchAction\",\"target\":\"https:\/\/blocatclimbing.com\/?s={search_term_string}\",\"query-input\":\"required name=search_term_string\"}],\"inLanguage\":\"es\"},{\"@type\":\"WebPage\",\"@id\":\"https:\/\/blocatclimbing.com\/index.php\/joves-i-persones-adultes\/#webpage\",\"url\":\"https:\/\/blocatclimbing.com\/index.php\/joves-i-persones-adultes\/\",\"name\":\"Joves i Persones adultes - Blocat\",\"isPartOf\":{\"@id\":\"https:\/\/blocatclimbing.com\/#website\"},\"datePublished\":\"2021-01-12T18:35:37+00:00\",\"dateModified\":\"2025-11-06T14:39:31+00:00\",\"inLanguage\":\"es\",\"potentialAction\":[{\"@type\":\"ReadAction\",\"target\":[\"https:\/\/blocatclimbing.com\/index.php\/joves-i-persones-adultes\/\"]}]}]}<\/script>\n<!-- \/ Yoast SEO plugin. -->","_links":{"self":[{"href":"https:\/\/blocatclimbing.com\/index.php\/wp-json\/wp\/v2\/pages\/17326"}],"collection":[{"href":"https:\/\/blocatclimbing.com\/index.php\/wp-json\/wp\/v2\/pages"}],"about":[{"href":"https:\/\/blocatclimbing.com\/index.php\/wp-json\/wp\/v2\/types\/page"}],"author":[{"embeddable":true,"href":"https:\/\/blocatclimbing.com\/index.php\/wp-json\/wp\/v2\/users\/1"}],"replies":[{"embeddable":true,"href":"https:\/\/blocatclimbing.com\/index.php\/wp-json\/wp\/v2\/comments?post=17326"}],"version-history":[{"count":63,"href":"https:\/\/blocatclimbing.com\/index.php\/wp-json\/wp\/v2\/pages\/17326\/revisions"}],"predecessor-version":[{"id":18235,"href":"https:\/\/blocatclimbing.com\/index.php\/wp-json\/wp\/v2\/pages\/17326\/revisions\/18235"}],"wp:attachment":[{"href":"https:\/\/blocatclimbing.com\/index.php\/wp-json\/wp\/v2\/media?parent=17326"}],"curies":[{"name":"wp","href":"https:\/\/api.w.org\/{rel}","templated":true}]}}