{"id":17290,"date":"2021-01-12T17:53:58","date_gmt":"2021-01-12T17:53:58","guid":{"rendered":"https:\/\/blocatclimbing.com\/?page_id=17290"},"modified":"2024-09-04T14:57:26","modified_gmt":"2024-09-04T14:57:26","slug":"nens-i-nenes","status":"publish","type":"page","link":"https:\/\/blocatclimbing.com\/index.php\/nens-i-nenes\/","title":{"rendered":"Nens i nenes"},"content":{"rendered":"<p>[vc_row css_animation=&#8221;&#8221; row_type=&#8221;row&#8221; use_row_as_full_screen_section=&#8221;no&#8221; type=&#8221;full_width&#8221; angled_section=&#8221;no&#8221; text_align=&#8221;left&#8221; background_image_as_pattern=&#8221;without_pattern&#8221;][vc_column][vc_empty_space][\/vc_column][\/vc_row][vc_row css_animation=&#8221;&#8221; row_type=&#8221;row&#8221; use_row_as_full_screen_section=&#8221;no&#8221; type=&#8221;full_width&#8221; angled_section=&#8221;no&#8221; text_align=&#8221;left&#8221; background_image_as_pattern=&#8221;without_pattern&#8221;][vc_column][vc_single_image image=&#8221;18094&#8243; img_size=&#8221;full&#8221; alignment=&#8221;center&#8221; qode_css_animation=&#8221;&#8221; css=&#8221;.vc_custom_1719760659627{margin-right: -180px !important;margin-left: -180px !important;}&#8221;][vc_empty_space][\/vc_column][\/vc_row][vc_row css_animation=&#8221;&#8221; row_type=&#8221;row&#8221; use_row_as_full_screen_section=&#8221;no&#8221; type=&#8221;full_width&#8221; angled_section=&#8221;no&#8221; text_align=&#8221;left&#8221; background_image_as_pattern=&#8221;without_pattern&#8221;][vc_column][vc_column_text]<\/p>\n<div class=\"wpb_text_column wpb_content_element \">\n<div class=\"wpb_wrapper\">\n<h2>Extraescolars<\/h2>\n<\/div>\n<\/div>\n<div class=\"separator small left \"><\/div>\n<div class=\"wpb_text_column wpb_content_element \">\n<div class=\"wpb_wrapper\">\n<p>Activitats din\u00e0miques i variades adaptades als diferents grups d\u2019edat. A trav\u00e9s de jocs basats en la pr\u00e0ctica de l\u2019escalada col\u00b7laborarem en el desenvolupament de les habilitats motrius, cognitives i psicol\u00f2giques i en l\u2019adquisici\u00f3 de valors socials i afectius per a posteriorment iniciar-se i adaptar-se a la pr\u00e0ctica particular de l\u2019escalada.<\/p>\n<\/div>\n<\/div>\n<p>[\/vc_column_text][vc_empty_space][vc_accordion active_tab=&#8221;false&#8221; collapsible=&#8221;yes&#8221; style=&#8221;accordion&#8221;][vc_accordion_tab title=&#8221;M\u00e9s info&#8221;]<div class=\"q_icon_list\"><i class=\"qode_icon_font_awesome fa fa-clock-o qode-ili-icon-holder circle\" style=\"background-color: #3e4416;border-color:#3e4416;border-style:solid;border-width:1px;\" ><\/i><p style=\"\">1 hora (1 o 2 dies a la setmana)<\/p><\/div><div class=\"q_icon_list\"><i class=\"qode_icon_font_awesome fa fa-child qode-ili-icon-holder circle\" style=\"background-color: #3e4416;border-color:#3e4416;border-style:solid;border-width:1px;\" ><\/i><p style=\"\">Grup A: 6-8 anys. Grup B: 9-12 anys. Grup C: 13-16 anys<\/p><\/div><div class=\"q_icon_list\"><i class=\"qode_icon_font_awesome fa fa-calendar qode-ili-icon-holder circle\" style=\"background-color: #3e4416;border-color:#3e4416;border-style:solid;border-width:1px;\" ><\/i><p style=\"\">De setembre a juny<\/p><\/div><div class=\"q_icon_list\"><i class=\"qode_icon_font_awesome fa fa-money qode-ili-icon-holder circle\" style=\"background-color: #3e4416;border-color:#3e4416;border-style:solid;border-width:1px;\" ><\/i><p style=\"\">1 dia 38\u20ac\/mes. 2 dies 58\u20ac\/mes. Matr\u00edcula 30\u20ac. *Dia de prova: gratu\u00eft<\/p><\/div>[vc_empty_space][\/vc_accordion_tab][\/vc_accordion][vc_column_text]<\/p>\n<table>\n<tbody>\n<tr>\n<th style=\"text-align: left;\">Horaris<\/th>\n<th>Dilluns a Dijous<\/th>\n<\/tr>\n<tr>\n<td style=\"text-align: left;\">1r-6\u00e8 de prim\u00e0ria<\/td>\n<td>18:00 a 19:00<\/td>\n<\/tr>\n<tr>\n<td style=\"text-align: left;\">1r a 4t d&#8217;ESO<\/td>\n<td>19:00 a 20:00<\/td>\n<\/tr>\n<\/tbody>\n<\/table>\n<p>[\/vc_column_text]<div class='q_icon_with_title very_large normal_icon center qode-iwt-content-alignment-left '><div class=\"icon_holder \" style=\" \"><span data-icon-type=\"normal\"   style=\"\" class=\"qode_iwt_icon_holder q_font_awsome_icon fa-5x  qode-type1-gradient-left-to-right-text\"><i class=\"qode_icon_font_awesome_5 fa5  qode_iwt_icon_element\" style=\"color: #3b431d;\" ><\/i><\/span><\/div><div class=\"icon_text_holder\" style=\"\"><div class=\"icon_text_inner\" style=\"\"><h5 class=\"icon_title\" style=\"color: #dd9933;font-weight: 900;\"><\/h5><p style=''><\/p><a itemprop='url' class='icon_with_title_link' href='https:\/\/blocatclimbing.com\/index.php\/extraescolars-v2' target='_self' style='color: #b34817;'>INSCRIPCI\u00d3 EXTRAESCOLARS AQU\u00cd<\/a><\/div><\/div><\/div>[vc_empty_space][\/vc_column][\/vc_row][vc_row css_animation=&#8221;&#8221; row_type=&#8221;row&#8221; use_row_as_full_screen_section=&#8221;no&#8221; type=&#8221;full_width&#8221; angled_section=&#8221;no&#8221; text_align=&#8221;left&#8221; background_image_as_pattern=&#8221;without_pattern&#8221;][vc_column][vc_single_image image=&#8221;18099&#8243; img_size=&#8221;full&#8221; alignment=&#8221;center&#8221; qode_css_animation=&#8221;&#8221; css=&#8221;.vc_custom_1719761119583{margin-right: -180px !important;margin-left: -180px !important;}&#8221;][vc_empty_space][\/vc_column][\/vc_row][vc_row css_animation=&#8221;&#8221; row_type=&#8221;row&#8221; use_row_as_full_screen_section=&#8221;no&#8221; type=&#8221;full_width&#8221; angled_section=&#8221;no&#8221; text_align=&#8221;left&#8221; background_image_as_pattern=&#8221;without_pattern&#8221;][vc_column][vc_column_text]<\/p>\n<div class=\"wpb_text_column wpb_content_element \">\n<div class=\"wpb_wrapper\">\n<h2>Aniversaris<\/h2>\n<\/div>\n<\/div>\n<div class=\"separator small left \"><\/div>\n<div class=\"wpb_text_column wpb_content_element \">\n<div class=\"wpb_wrapper\">\n<p>Festes d&#8217;aniversari amb jocs variats i divertits adaptats a les edats dels infants. La finalitat \u00e9s fer una activitat d&#8217;escalada entre amics, amigues i familiars dirigida per un monitor o monitora especialitzats.<\/p>\n<\/div>\n<\/div>\n<p>[\/vc_column_text][vc_empty_space][vc_accordion active_tab=&#8221;false&#8221; collapsible=&#8221;yes&#8221; style=&#8221;accordion&#8221;][vc_accordion_tab title=&#8221;M\u00e9s info&#8221;]<div class=\"q_icon_list\"><i class=\"qode_icon_font_awesome fa fa-clock-o qode-ili-icon-holder circle\" style=\"background-color: #3e4416;border-color:#3e4416;border-style:solid;border-width:1px;\" ><\/i><p style=\"\">1 hora i mitja<\/p><\/div><div class=\"q_icon_list\"><i class=\"qode_icon_font_awesome fa fa-child qode-ili-icon-holder circle\" style=\"background-color: #3e4416;border-color:#3e4416;border-style:solid;border-width:1px;\" ><\/i><p style=\"\">A partir de 1r de prim\u00e0ria<\/p><\/div><div class=\"q_icon_list\"><i class=\"qode_icon_font_awesome fa fa-calendar qode-ili-icon-holder circle\" style=\"background-color: #3e4416;border-color:#3e4416;border-style:solid;border-width:1px;\" ><\/i><p style=\"\">divendres tarda o dissabtes<\/p><\/div><div class=\"q_icon_list\"><i class=\"qode_icon_font_awesome fa fa-money qode-ili-icon-holder circle\" style=\"background-color: #3e4416;border-color:#3e4416;border-style:solid;border-width:1px;\" ><\/i><p style=\"\">Preu: 12\u20ac\/infant<\/p><\/div><div class=\"q_icon_list\"><i class=\"qode_icon_font_awesome fa fa-info-circle qode-ili-icon-holder circle\" style=\"background-color: #3e4416;border-color:#3e4416;border-style:solid;border-width:1px;\" ><\/i><p style=\"\">Inclou: 1h d'escalada i 30' esmorzar\/berenar<\/p><\/div><div class=\"q_icon_list\"><i class=\"qode_icon_font_awesome fa fa-envelope-o qode-ili-icon-holder circle\" style=\"background-color: #3e4416;border-color:#3e4416;border-style:solid;border-width:1px;\" ><\/i><p style=\"\">Envia'ns un correu a activitats@blocatclimbing.com<\/p><\/div>[vc_empty_space][\/vc_accordion_tab][\/vc_accordion][vc_empty_space][vc_empty_space][\/vc_column][\/vc_row][vc_row css_animation=&#8221;&#8221; row_type=&#8221;row&#8221; use_row_as_full_screen_section=&#8221;no&#8221; type=&#8221;full_width&#8221; angled_section=&#8221;no&#8221; text_align=&#8221;left&#8221; background_image_as_pattern=&#8221;without_pattern&#8221;][vc_column][vc_empty_space][\/vc_column][\/vc_row][vc_row css_animation=&#8221;&#8221; row_type=&#8221;row&#8221; use_row_as_full_screen_section=&#8221;no&#8221; type=&#8221;full_width&#8221; angled_section=&#8221;no&#8221; text_align=&#8221;left&#8221; background_image_as_pattern=&#8221;without_pattern&#8221;][vc_column][vc_single_image image=&#8221;18095&#8243; img_size=&#8221;full&#8221; alignment=&#8221;center&#8221; style=&#8221;vc_box_rounded&#8221; qode_css_animation=&#8221;&#8221; css=&#8221;.vc_custom_1719760869839{margin-right: -180px !important;margin-left: -180px !important;}&#8221;][vc_empty_space][\/vc_column][\/vc_row][vc_row css_animation=&#8221;&#8221; row_type=&#8221;row&#8221; use_row_as_full_screen_section=&#8221;no&#8221; type=&#8221;full_width&#8221; angled_section=&#8221;no&#8221; text_align=&#8221;left&#8221; background_image_as_pattern=&#8221;without_pattern&#8221;][vc_column][vc_column_text]<\/p>\n<div class=\"wpb_text_column wpb_content_element \">\n<div class=\"wpb_wrapper\">\n<h2>Sessi\u00f3 d&#8217;iniciaci\u00f3<\/h2>\n<\/div>\n<\/div>\n<div class=\"separator small left \"><\/div>\n<div class=\"wpb_text_column wpb_content_element \">\n<div class=\"wpb_wrapper\">\n<div class=\"wpb_text_column wpb_content_element \">\n<div class=\"wpb_wrapper\">\n<p><strong>\u00c9s la primera vegada que escales? <\/strong><\/p>\n<\/div>\n<\/div>\n<p><strong>Has escalat alguna vegada per\u00f2 vols saber-ne una mica m\u00e9s? <\/strong><\/p>\n<p><strong>Vols escalar al roc\u00f2drom de forma regular? <\/strong><\/p>\n<p>L\u2019objectiu del curs d\u2019iniciaci\u00f3 \u00e9s que aprenguis els conceptes b\u00e0sics de la t\u00e8cnica, la seguretat i les pautes de progressi\u00f3 a seguir per poder tenir una bona experi\u00e8ncia al roc\u00f2drom. T\u2019ensenyarem les caracter\u00edstiques dels diferents tipus de vies i preses i et guiarem en qualsevol dubte que tinguis. Aquest curs pot tenir continu\u00eftat amb els extraescolars!<\/p>\n<\/div>\n<\/div>\n<p>[\/vc_column_text][vc_empty_space][vc_accordion active_tab=&#8221;false&#8221; collapsible=&#8221;yes&#8221; style=&#8221;accordion&#8221;][vc_accordion_tab title=&#8221;M\u00e9s info&#8221;]<div class=\"q_icon_list\"><i class=\"qode_icon_font_awesome fa fa-clock-o qode-ili-icon-holder circle\" style=\"background-color: #3e4416;border-color:#3e4416;border-style:solid;border-width:1px;\" ><\/i><p style=\"\">1 hora<\/p><\/div><div class=\"q_icon_list\"><i class=\"qode_icon_font_awesome fa fa-arrow-up qode-ili-icon-holder circle\" style=\"background-color: #3e4416;border-color:#3e4416;border-style:solid;border-width:1px;\" ><\/i><p style=\"\">Iniciaci\u00f3<\/p><\/div><div class=\"q_icon_list\"><i class=\"qode_icon_font_awesome fa fa-calendar qode-ili-icon-holder circle\" style=\"background-color: #3e4416;border-color:#3e4416;border-style:solid;border-width:1px;\" ><\/i><p style=\"\">Divendres per la tarda. Cal reservar.<\/p><\/div><div class=\"q_icon_list\"><i class=\"qode_icon_font_awesome fa fa-user qode-ili-icon-holder circle\" style=\"background-color: #3e4416;border-color:#3e4416;border-style:solid;border-width:1px;\" ><\/i><p style=\"\">Individual o parella\/grup<\/p><\/div><div class=\"q_icon_list\"><i class=\"qode_icon_font_awesome fa fa-child qode-ili-icon-holder circle\" style=\"background-color: #3e4416;border-color:#3e4416;border-style:solid;border-width:1px;\" ><\/i><p style=\"\">De 6 a 15 anys (tamb\u00e9 fem cursos adults + infants)<\/p><\/div><div class=\"q_icon_list\"><i class=\"qode_icon_font_awesome fa fa-money qode-ili-icon-holder circle\" style=\"background-color: #3e4416;border-color:#3e4416;border-style:solid;border-width:1px;\" ><\/i><p style=\"\">individual 35\u20ac; 2-4 persones 25\u20ac\/persona<\/p><\/div><div class=\"q_icon_list\"><i class=\"qode_icon_font_awesome fa fa-info-circle qode-ili-icon-holder circle\" style=\"background-color: #3e4416;border-color:#3e4416;border-style:solid;border-width:1px;\" ><\/i><p style=\"\">Inclou material i entrada lliure al roc\u00f2drom<\/p><\/div><div class=\"q_icon_list\"><i class=\"qode_icon_font_awesome fa fa-envelope-o qode-ili-icon-holder circle\" style=\"background-color: #3e4416;border-color:#3e4416;border-style:solid;border-width:1px;\" ><\/i><p style=\"\">Envia'ns un correu a activitats@blocatclimbing.com<\/p><\/div>[\/vc_accordion_tab][\/vc_accordion][\/vc_column][\/vc_row][vc_row css_animation=&#8221;&#8221; row_type=&#8221;row&#8221; use_row_as_full_screen_section=&#8221;no&#8221; type=&#8221;full_width&#8221; angled_section=&#8221;no&#8221; text_align=&#8221;left&#8221; background_image_as_pattern=&#8221;without_pattern&#8221;][vc_column][vc_empty_space][\/vc_column][\/vc_row][vc_row css_animation=&#8221;&#8221; row_type=&#8221;row&#8221; use_row_as_full_screen_section=&#8221;no&#8221; type=&#8221;full_width&#8221; angled_section=&#8221;no&#8221; text_align=&#8221;left&#8221; background_image_as_pattern=&#8221;without_pattern&#8221;][vc_column][vc_empty_space][\/vc_column][\/vc_row][vc_row css_animation=&#8221;&#8221; row_type=&#8221;row&#8221; use_row_as_full_screen_section=&#8221;no&#8221; type=&#8221;full_width&#8221; angled_section=&#8221;no&#8221; text_align=&#8221;left&#8221; background_image_as_pattern=&#8221;without_pattern&#8221;][vc_column][vc_empty_space][\/vc_column][\/vc_row][vc_row css_animation=&#8221;&#8221; row_type=&#8221;row&#8221; use_row_as_full_screen_section=&#8221;no&#8221; type=&#8221;full_width&#8221; angled_section=&#8221;no&#8221; text_align=&#8221;left&#8221; background_image_as_pattern=&#8221;without_pattern&#8221;][vc_column][vc_empty_space][\/vc_column][\/vc_row]<\/p>\n","protected":false},"excerpt":{"rendered":"<p>[vc_row css_animation=&#8221;&#8221; row_type=&#8221;row&#8221; use_row_as_full_screen_section=&#8221;no&#8221; type=&#8221;full_width&#8221; angled_section=&#8221;no&#8221; text_align=&#8221;left&#8221; background_image_as_pattern=&#8221;without_pattern&#8221;][vc_column][vc_empty_space][\/vc_column][\/vc_row][vc_row css_animation=&#8221;&#8221; row_type=&#8221;row&#8221; use_row_as_full_screen_section=&#8221;no&#8221; type=&#8221;full_width&#8221; angled_section=&#8221;no&#8221; text_align=&#8221;left&#8221; background_image_as_pattern=&#8221;without_pattern&#8221;][vc_column][vc_single_image image=&#8221;18094&#8243; img_size=&#8221;full&#8221; alignment=&#8221;center&#8221; qode_css_animation=&#8221;&#8221; css=&#8221;.vc_custom_1719760659627{margin-right: -180px !important;margin-left: -180px !important;}&#8221;][vc_empty_space][\/vc_column][\/vc_row][vc_row css_animation=&#8221;&#8221; row_type=&#8221;row&#8221; use_row_as_full_screen_section=&#8221;no&#8221; type=&#8221;full_width&#8221; angled_section=&#8221;no&#8221; text_align=&#8221;left&#8221; background_image_as_pattern=&#8221;without_pattern&#8221;][vc_column][vc_column_text] Extraescolars Activitats din\u00e0miques i variades adaptades als diferents grups d\u2019edat. A trav\u00e9s de jocs&#8230;<\/p>\n","protected":false},"author":1,"featured_media":0,"parent":0,"menu_order":0,"comment_status":"closed","ping_status":"closed","template":"","meta":[],"yoast_head":"<!-- This site is optimized with the Yoast SEO plugin v15.2 - https:\/\/yoast.com\/wordpress\/plugins\/seo\/ -->\n<title>Nens i nenes - Blocat<\/title>\n<meta name=\"robots\" content=\"index, follow, max-snippet:-1, max-image-preview:large, max-video-preview:-1\" \/>\n<link rel=\"canonical\" href=\"https:\/\/blocatclimbing.com\/index.php\/nens-i-nenes\/\" \/>\n<meta property=\"og:locale\" content=\"es_ES\" \/>\n<meta property=\"og:type\" content=\"article\" \/>\n<meta property=\"og:title\" content=\"Nens i nenes - Blocat\" \/>\n<meta property=\"og:description\" content=\"[vc_row css_animation=&#8221;&#8221; row_type=&#8221;row&#8221; use_row_as_full_screen_section=&#8221;no&#8221; type=&#8221;full_width&#8221; angled_section=&#8221;no&#8221; text_align=&#8221;left&#8221; background_image_as_pattern=&#8221;without_pattern&#8221;][vc_column][vc_empty_space][\/vc_column][\/vc_row][vc_row css_animation=&#8221;&#8221; row_type=&#8221;row&#8221; use_row_as_full_screen_section=&#8221;no&#8221; type=&#8221;full_width&#8221; angled_section=&#8221;no&#8221; text_align=&#8221;left&#8221; background_image_as_pattern=&#8221;without_pattern&#8221;][vc_column][vc_single_image image=&#8221;18094&#8243; img_size=&#8221;full&#8221; alignment=&#8221;center&#8221; qode_css_animation=&#8221;&#8221; css=&#8221;.vc_custom_1719760659627{margin-right: -180px !important;margin-left: -180px !important;}&#8221;][vc_empty_space][\/vc_column][\/vc_row][vc_row css_animation=&#8221;&#8221; row_type=&#8221;row&#8221; use_row_as_full_screen_section=&#8221;no&#8221; type=&#8221;full_width&#8221; angled_section=&#8221;no&#8221; text_align=&#8221;left&#8221; background_image_as_pattern=&#8221;without_pattern&#8221;][vc_column][vc_column_text] Extraescolars Activitats din\u00e0miques i variades adaptades als diferents grups d\u2019edat. A trav\u00e9s de jocs...\" \/>\n<meta property=\"og:url\" content=\"https:\/\/blocatclimbing.com\/index.php\/nens-i-nenes\/\" \/>\n<meta property=\"og:site_name\" content=\"Blocat\" \/>\n<meta property=\"article:modified_time\" content=\"2024-09-04T14:57:26+00:00\" \/>\n<meta name=\"twitter:card\" content=\"summary_large_image\" \/>\n<meta name=\"twitter:label1\" value=\"Escrito por\">\n\t<meta name=\"twitter:data1\" value=\"admin\">\n\t<meta name=\"twitter:label2\" value=\"Tiempo de lectura\">\n\t<meta name=\"twitter:data2\" value=\"5 minutos\">\n<script type=\"application\/ld+json\" class=\"yoast-schema-graph\">{\"@context\":\"https:\/\/schema.org\",\"@graph\":[{\"@type\":\"WebSite\",\"@id\":\"https:\/\/blocatclimbing.com\/#website\",\"url\":\"https:\/\/blocatclimbing.com\/\",\"name\":\"Blocat\",\"description\":\"La pedra i la m&agrave;\",\"potentialAction\":[{\"@type\":\"SearchAction\",\"target\":\"https:\/\/blocatclimbing.com\/?s={search_term_string}\",\"query-input\":\"required name=search_term_string\"}],\"inLanguage\":\"es\"},{\"@type\":\"WebPage\",\"@id\":\"https:\/\/blocatclimbing.com\/index.php\/nens-i-nenes\/#webpage\",\"url\":\"https:\/\/blocatclimbing.com\/index.php\/nens-i-nenes\/\",\"name\":\"Nens i nenes - Blocat\",\"isPartOf\":{\"@id\":\"https:\/\/blocatclimbing.com\/#website\"},\"datePublished\":\"2021-01-12T17:53:58+00:00\",\"dateModified\":\"2024-09-04T14:57:26+00:00\",\"inLanguage\":\"es\",\"potentialAction\":[{\"@type\":\"ReadAction\",\"target\":[\"https:\/\/blocatclimbing.com\/index.php\/nens-i-nenes\/\"]}]}]}<\/script>\n<!-- \/ Yoast SEO plugin. -->","_links":{"self":[{"href":"https:\/\/blocatclimbing.com\/index.php\/wp-json\/wp\/v2\/pages\/17290"}],"collection":[{"href":"https:\/\/blocatclimbing.com\/index.php\/wp-json\/wp\/v2\/pages"}],"about":[{"href":"https:\/\/blocatclimbing.com\/index.php\/wp-json\/wp\/v2\/types\/page"}],"author":[{"embeddable":true,"href":"https:\/\/blocatclimbing.com\/index.php\/wp-json\/wp\/v2\/users\/1"}],"replies":[{"embeddable":true,"href":"https:\/\/blocatclimbing.com\/index.php\/wp-json\/wp\/v2\/comments?post=17290"}],"version-history":[{"count":53,"href":"https:\/\/blocatclimbing.com\/index.php\/wp-json\/wp\/v2\/pages\/17290\/revisions"}],"predecessor-version":[{"id":18122,"href":"https:\/\/blocatclimbing.com\/index.php\/wp-json\/wp\/v2\/pages\/17290\/revisions\/18122"}],"wp:attachment":[{"href":"https:\/\/blocatclimbing.com\/index.php\/wp-json\/wp\/v2\/media?parent=17290"}],"curies":[{"name":"wp","href":"https:\/\/api.w.org\/{rel}","templated":true}]}}