{"id":16524,"date":"2020-09-29T10:40:38","date_gmt":"2020-09-29T10:40:38","guid":{"rendered":"http:\/\/blocatclimbing.com\/?page_id=16524"},"modified":"2025-05-12T08:43:40","modified_gmt":"2025-05-12T08:43:40","slug":"casaldestiucentelles","status":"publish","type":"page","link":"https:\/\/blocatclimbing.com\/index.php\/casaldestiucentelles\/","title":{"rendered":"Escala l&#8217;estiu"},"content":{"rendered":"<p>[vc_row css_animation=&#8221;&#8221; row_type=&#8221;row&#8221; use_row_as_full_screen_section=&#8221;no&#8221; type=&#8221;full_width&#8221; angled_section=&#8221;no&#8221; text_align=&#8221;left&#8221; background_image_as_pattern=&#8221;without_pattern&#8221;][vc_column][vc_empty_space][vc_single_image image=&#8221;17936&#8243; img_size=&#8221;full&#8221; alignment=&#8221;center&#8221; qode_css_animation=&#8221;&#8221;][\/vc_column][\/vc_row][vc_row css_animation=&#8221;&#8221; row_type=&#8221;row&#8221; use_row_as_full_screen_section=&#8221;no&#8221; type=&#8221;full_width&#8221; angled_section=&#8221;no&#8221; text_align=&#8221;left&#8221; background_image_as_pattern=&#8221;without_pattern&#8221;][vc_column][vc_empty_space][\/vc_column][\/vc_row][vc_row css_animation=&#8221;&#8221; row_type=&#8221;row&#8221; use_row_as_full_screen_section=&#8221;no&#8221; type=&#8221;full_width&#8221; angled_section=&#8221;no&#8221; text_align=&#8221;left&#8221; background_image_as_pattern=&#8221;without_pattern&#8221;][vc_column][vc_column_text]<strong>INFORMACI\u00d3 GENERAL<\/strong><\/p>\n<p style=\"padding-left: 40px;\">SETMANA 1: Del 23 al 27 de juny, de 10:00 a 13:30 &#8211; PREU: 80\u20ac*<\/p>\n<p style=\"padding-left: 40px;\">SETMANA 2: Del 30 de juny al 4 de juliol, de 10:00 a 13:30 &#8211; PREU: 90\u20ac*<\/p>\n<p>DIA PUNTUAL: 20\u20ac<\/p>\n<p style=\"padding-left: 40px;\">*amb un 10% de descompte apuntant-hi dos o m\u00e9s germans.<\/p>\n<p style=\"padding-left: 40px;\">Oferim servei d&#8217;acollida matinal o de migdia per 10\u20ac.<\/p>\n<p>&nbsp;<\/p>\n<p><strong>CASAL (PRIM\u00c0RIA)<\/strong><\/p>\n<p>Amb els nens i nenes de prim\u00e0ria ens endinsarem en una aventura plena de jocs, reptes i diversi\u00f3.<\/p>\n<p>&nbsp;<\/p>\n<p><strong>CAMPUS DE TECNIFICACI\u00d3 (ESO)<\/strong><\/p>\n<p>Per als nois i noies de l&#8217;ESO, el campus de tecnificaci\u00f3 per a millorar el seu nivell d&#8217;escalada. Apte per a tothom: per qui no ha escalat mai i per qui fa temps que escala.<\/p>\n<p>&nbsp;<\/p>\n<p><strong>INSCRIPCIONS<\/strong><\/p>\n<p>Podeu inscriure-us-hi a trav\u00e9s del seg\u00fcent enlla\u00e7, on trobareu tota la informaci\u00f3 i l&#8217;enlla\u00e7 per formalitzar la inscripci\u00f3.[\/vc_column_text][\/vc_column][\/vc_row][vc_row css_animation=&#8221;&#8221; row_type=&#8221;row&#8221; use_row_as_full_screen_section=&#8221;no&#8221; type=&#8221;full_width&#8221; angled_section=&#8221;no&#8221; text_align=&#8221;left&#8221; background_image_as_pattern=&#8221;without_pattern&#8221;][vc_column width=&#8221;1\/3&#8243;][\/vc_column][vc_column width=&#8221;1\/3&#8243;]<div class='q_icon_with_title very_large normal_icon center '><div class=\"icon_holder \" style=\" \"><span data-icon-type=\"normal\"   style=\"\" class=\"qode_iwt_icon_holder q_font_awsome_icon fa-5x  qode-type1-gradient-left-to-right-text\"><i class=\"qode_icon_font_awesome fa  qode_iwt_icon_element\" style=\"color: #3b431d;\" ><\/i><\/span><\/div><div class=\"icon_text_holder\" style=\"\"><div class=\"icon_text_inner\" style=\"\"><h5 class=\"icon_title\" style=\"color: #dd9933;font-weight: 900;\"><\/h5><p style=''><\/p><a itemprop='url' class='icon_with_title_link' href='https:\/\/blocat.playoffinformatica.com\/activitat\/14\/Escala-l-Estiu-a-Blocat-2025\/' target='_self' style='color: #b34817;'>INSCRIURE'M<\/a><\/div><\/div><\/div>[\/vc_column][vc_column width=&#8221;1\/3&#8243;][\/vc_column][\/vc_row][vc_row css_animation=&#8221;&#8221; row_type=&#8221;row&#8221; use_row_as_full_screen_section=&#8221;no&#8221; type=&#8221;full_width&#8221; angled_section=&#8221;no&#8221; text_align=&#8221;left&#8221; background_image_as_pattern=&#8221;without_pattern&#8221;][vc_column][vc_empty_space][vc_empty_space][\/vc_column][\/vc_row]<\/p>\n","protected":false},"excerpt":{"rendered":"<p>[vc_row css_animation=&#8221;&#8221; row_type=&#8221;row&#8221; use_row_as_full_screen_section=&#8221;no&#8221; type=&#8221;full_width&#8221; angled_section=&#8221;no&#8221; text_align=&#8221;left&#8221; background_image_as_pattern=&#8221;without_pattern&#8221;][vc_column][vc_empty_space][vc_single_image image=&#8221;17936&#8243; img_size=&#8221;full&#8221; alignment=&#8221;center&#8221; qode_css_animation=&#8221;&#8221;][\/vc_column][\/vc_row][vc_row css_animation=&#8221;&#8221; row_type=&#8221;row&#8221; use_row_as_full_screen_section=&#8221;no&#8221; type=&#8221;full_width&#8221; angled_section=&#8221;no&#8221; text_align=&#8221;left&#8221; background_image_as_pattern=&#8221;without_pattern&#8221;][vc_column][vc_empty_space][\/vc_column][\/vc_row][vc_row css_animation=&#8221;&#8221; row_type=&#8221;row&#8221; use_row_as_full_screen_section=&#8221;no&#8221; type=&#8221;full_width&#8221; angled_section=&#8221;no&#8221; text_align=&#8221;left&#8221; background_image_as_pattern=&#8221;without_pattern&#8221;][vc_column][vc_column_text]INFORMACI\u00d3 GENERAL SETMANA 1: Del 23 al 27 de juny, de 10:00 a 13:30 &#8211; PREU: 80\u20ac* SETMANA 2: Del&#8230;<\/p>\n","protected":false},"author":1,"featured_media":0,"parent":0,"menu_order":0,"comment_status":"closed","ping_status":"closed","template":"","meta":[],"yoast_head":"<!-- This site is optimized with the Yoast SEO plugin v15.2 - https:\/\/yoast.com\/wordpress\/plugins\/seo\/ -->\n<title>Blocat | Escala l&#039;estiu<\/title>\n<meta name=\"description\" content=\"Escalada: Casal d&#039;estiu i campus de tecnificaci\u00f3 a Blocat Centelles.\" \/>\n<meta name=\"robots\" content=\"index, follow, max-snippet:-1, max-image-preview:large, max-video-preview:-1\" \/>\n<link rel=\"canonical\" href=\"https:\/\/blocatclimbing.com\/index.php\/casaldestiucentelles\/\" \/>\n<meta property=\"og:locale\" content=\"es_ES\" \/>\n<meta property=\"og:type\" content=\"article\" \/>\n<meta property=\"og:title\" content=\"Blocat | Escala l&#039;estiu\" \/>\n<meta property=\"og:description\" content=\"Escalada: Casal d&#039;estiu i campus de tecnificaci\u00f3 a Blocat Centelles.\" \/>\n<meta property=\"og:url\" content=\"https:\/\/blocatclimbing.com\/index.php\/casaldestiucentelles\/\" \/>\n<meta property=\"og:site_name\" content=\"Blocat\" \/>\n<meta property=\"article:modified_time\" content=\"2025-05-12T08:43:40+00:00\" \/>\n<meta name=\"twitter:card\" content=\"summary_large_image\" \/>\n<meta name=\"twitter:label1\" value=\"Escrito por\">\n\t<meta name=\"twitter:data1\" value=\"admin\">\n\t<meta name=\"twitter:label2\" value=\"Tiempo de lectura\">\n\t<meta name=\"twitter:data2\" value=\"2 minutos\">\n<script type=\"application\/ld+json\" class=\"yoast-schema-graph\">{\"@context\":\"https:\/\/schema.org\",\"@graph\":[{\"@type\":\"WebSite\",\"@id\":\"https:\/\/blocatclimbing.com\/#website\",\"url\":\"https:\/\/blocatclimbing.com\/\",\"name\":\"Blocat\",\"description\":\"La pedra i la m&agrave;\",\"potentialAction\":[{\"@type\":\"SearchAction\",\"target\":\"https:\/\/blocatclimbing.com\/?s={search_term_string}\",\"query-input\":\"required name=search_term_string\"}],\"inLanguage\":\"es\"},{\"@type\":\"WebPage\",\"@id\":\"https:\/\/blocatclimbing.com\/index.php\/casaldestiucentelles\/#webpage\",\"url\":\"https:\/\/blocatclimbing.com\/index.php\/casaldestiucentelles\/\",\"name\":\"Blocat | Escala l'estiu\",\"isPartOf\":{\"@id\":\"https:\/\/blocatclimbing.com\/#website\"},\"datePublished\":\"2020-09-29T10:40:38+00:00\",\"dateModified\":\"2025-05-12T08:43:40+00:00\",\"description\":\"Escalada: Casal d'estiu i campus de tecnificaci\\u00f3 a Blocat Centelles.\",\"inLanguage\":\"es\",\"potentialAction\":[{\"@type\":\"ReadAction\",\"target\":[\"https:\/\/blocatclimbing.com\/index.php\/casaldestiucentelles\/\"]}]}]}<\/script>\n<!-- \/ Yoast SEO plugin. -->","_links":{"self":[{"href":"https:\/\/blocatclimbing.com\/index.php\/wp-json\/wp\/v2\/pages\/16524"}],"collection":[{"href":"https:\/\/blocatclimbing.com\/index.php\/wp-json\/wp\/v2\/pages"}],"about":[{"href":"https:\/\/blocatclimbing.com\/index.php\/wp-json\/wp\/v2\/types\/page"}],"author":[{"embeddable":true,"href":"https:\/\/blocatclimbing.com\/index.php\/wp-json\/wp\/v2\/users\/1"}],"replies":[{"embeddable":true,"href":"https:\/\/blocatclimbing.com\/index.php\/wp-json\/wp\/v2\/comments?post=16524"}],"version-history":[{"count":60,"href":"https:\/\/blocatclimbing.com\/index.php\/wp-json\/wp\/v2\/pages\/16524\/revisions"}],"predecessor-version":[{"id":17659,"href":"https:\/\/blocatclimbing.com\/index.php\/wp-json\/wp\/v2\/pages\/16524\/revisions\/17659"}],"wp:attachment":[{"href":"https:\/\/blocatclimbing.com\/index.php\/wp-json\/wp\/v2\/media?parent=16524"}],"curies":[{"name":"wp","href":"https:\/\/api.w.org\/{rel}","templated":true}]}}